{"id":175,"date":"2017-04-12T11:57:51","date_gmt":"2017-04-12T09:57:51","guid":{"rendered":"http:\/\/sick-stiftung.org\/rws\/?page_id=175"},"modified":"2018-01-29T15:11:26","modified_gmt":"2018-01-29T14:11:26","slug":"foerderberiche","status":"publish","type":"page","link":"https:\/\/sick-stiftung.org\/rws\/foerderberiche\/","title":{"rendered":"F\u00f6rderbereiche"},"content":{"rendered":"<p><div id=\"bildung\"><div class=\"fusion-fullwidth fullwidth-box fusion-builder-row-1 nonhundred-percent-fullwidth non-hundred-percent-height-scrolling\" style=\"background-color: rgba(255,255,255,0);background-position: center center;background-repeat: no-repeat;padding-top:0px;padding-right:0px;padding-bottom:0px;padding-left:0px;margin-bottom: 0px;margin-top: 0px;border-width: 0px 0px 0px 0px;border-color:#eae9e9;border-style:solid;\" ><div class=\"fusion-builder-row fusion-row\"><div class=\"fusion-layout-column fusion_builder_column fusion-builder-column-0 fusion_builder_column_1_1 1_1 fusion-one-full fusion-column-first fusion-column-last\" style=\"margin-top:0px;margin-bottom:20px;\"><div class=\"fusion-column-wrapper fusion-flex-column-wrapper-legacy\" style=\"background-position:left top;background-repeat:no-repeat;-webkit-background-size:cover;-moz-background-size:cover;-o-background-size:cover;background-size:cover;padding: 0px 0px 0px 0px;\"><div class=\"fusion-sep-clear\"><\/div><div class=\"fusion-separator fusion-full-width-sep\" style=\"margin-left: auto;margin-right: auto;margin-top:3%;width:100%;\"><\/div><div class=\"fusion-sep-clear\"><\/div><style type=\"text\/css\"><\/style><div class=\"fusion-title title fusion-title-1 fusion-sep-none fusion-title-center fusion-title-text fusion-title-size-one\" style=\"margin-top:0px;margin-bottom:31px;\"><h1 class=\"title-heading-center\" style=\"margin:0;\"><h1>Bildung und Erziehung<\/h1><\/h1><\/div><div class=\"fusion-sep-clear\"><\/div><div class=\"fusion-separator\" style=\"margin-left: auto;margin-right: auto;width:100%;max-width:70%;\"><div class=\"fusion-separator-border sep-single sep-solid\" style=\"border-color:#e0dede;border-top-width:1px;\"><\/div><\/div><div class=\"fusion-sep-clear\"><\/div><div class=\"fusion-sep-clear\"><\/div><div class=\"fusion-separator fusion-full-width-sep\" style=\"margin-left: auto;margin-right: auto;margin-top:2%;width:100%;\"><\/div><div class=\"fusion-sep-clear\"><\/div><div class=\"fusion-text fusion-text-1\" style=\"transform:translate3d(0,0,0);\"><p>Bildung bef\u00e4higt Menschen, sich selbst stark zu machen. Sie f\u00f6rdert Chancengleichheit und erm\u00f6glicht die kritische Auseinandersetzung mit politischen und sozialen Fragen. Zudem sichert eine gute Bildung auch den Wohlstand im Land. Die Stiftung will insbesondere dazu beitragen, dass bildungsbenachteiligte Menschen geeignete Ausbildungsm\u00f6glichkeiten erhalten. Zudem m\u00f6chte sie Menschen dazu motivieren, sich aus- und fortzubilden.<\/p>\n<\/div><div class=\"fusion-sep-clear\"><\/div><div class=\"fusion-separator fusion-full-width-sep\" style=\"margin-left: auto;margin-right: auto;margin-top:2%;width:100%;\"><\/div><div class=\"fusion-sep-clear\"><\/div><style type=\"text\/css\"><\/style><div class=\"fusion-title title fusion-title-2 fusion-sep-none fusion-title-text fusion-title-size-three\" style=\"margin-top:0px;margin-bottom:31px;\"><h3 class=\"title-heading-left\" style=\"margin:0;\"><h3 style=\"text-align: center; color: #f1876c;\"><span style=\"color: #514f4d;\">Aktuelle Projekte:\u00a0<\/span><a style=\"color: #e38c72;\" href=\"https:\/\/sick-stiftung.org\/rws\/portfolio_category\/bildung-und-erziehung\/\">Bildung und Erziehung<\/a><\/h3><\/h3><\/div><div class=\"fusion-sep-clear\"><\/div><div class=\"fusion-separator fusion-full-width-sep\" style=\"margin-left: auto;margin-right: auto;margin-top:2%;width:100%;\"><\/div><div class=\"fusion-sep-clear\"><\/div><div class=\"fusion-recent-works fusion-portfolio-element fusion-portfolio fusion-portfolio-1 fusion-portfolio-grid fusion-portfolio-paging-none fusion-portfolio-three fusion-portfolio-no_text fusion-portfolio-rollover\" data-id=\"-rw-1\" data-columns=\"three\"><style type=\"text\/css\">.fusion-portfolio-1 .fusion-portfolio-wrapper .fusion-col-spacing{padding:32.5px;}<\/style><div class=\"fusion-portfolio-wrapper\" id=\"fusion-portfolio-1\" data-picturesize=\"fixed\" data-pages=\"2\" style=\"margin:-32.5px;\"><article id=\"portfolio-1-post-982\" class=\"fusion-portfolio-post bildung-und-erziehung fusion-col-spacing post-982\"><div class=\"fusion-portfolio-content-wrapper\" style=\"border:none;\"><span class=\"entry-title rich-snippet-hidden\">Freiburger Stra\u00dfenschule (Tr\u00e4ger: SOS Kinderdorf Freiburg-Schwarzwald)<\/span><span class=\"vcard rich-snippet-hidden\"><span class=\"fn\"><a href=\"https:\/\/sick-stiftung.org\/rws\/author\/jh\/\" title=\"Beitr\u00e4ge von jh\" rel=\"author\">jh<\/a><\/span><\/span><span class=\"updated rich-snippet-hidden\">2019-04-30T09:05:51+02:00<\/span>\n\n<div  class=\"fusion-image-wrapper fusion-image-size-fixed\" aria-haspopup=\"true\">\n\t\n\t\n\t\n\t\t\n\t\t\t\t\t<img width=\"300\" height=\"214\" src=\"https:\/\/sick-stiftung.org\/rws\/wp-content\/uploads\/2017\/04\/Tunnelblick-web-3-300x214.jpg\" class=\"attachment-portfolio-three size-portfolio-three wp-post-image\" alt=\"\" \/>\n\t\n\n\t\t<div class=\"fusion-rollover\">\n\t<div class=\"fusion-rollover-content\">\n\n\t\t\t\t\t\t\t\t\t\t\t\t\t\t<a class=\"fusion-rollover-link\" href=\"https:\/\/sick-stiftung.org\/rws\/portfolio-items\/freiburger-strassenschule-traeger-sos-kinderdorf-freiburg-schwarzwald-2\/?portfolioCats=7\">Freiburger Stra\u00dfenschule (Tr\u00e4ger: SOS Kinderdorf Freiburg-Schwarzwald)<\/a>\n\t\t\t\n\t\t\t\t\t\t\t\t\t\t\t\t\t\t\n\t\t\t\t\t\t\t\t\n\t\t\t\t\t\t\t\t\t\t\t\t\t<div class=\"fusion-rollover-sep\"><\/div>\n\t\t\t\t\n\t\t\t\t\t\t\t\t\t\t\t\t\t\t\t\t\t\t<a class=\"fusion-rollover-gallery\" href=\"https:\/\/sick-stiftung.org\/rws\/wp-content\/uploads\/2017\/04\/Tunnelblick-web-3.jpg\" data-id=\"982\" data-rel=\"iLightbox[gallery-rw-1]\" data-title=\"Tunnelblick-web-3\" data-caption=\"\">\n\t\t\t\t\t\tGallerie\t\t\t\t\t<\/a>\n\t\t\t\t\t\t\t\t\t\t\t\t\t\t\n\t\t\t\t\n\t\t\t\t\t\t\t\t\t\t\t\t<h4 class=\"fusion-rollover-title\">\n\t\t\t\t\t<a class=\"fusion-rollover-title-link\" href=\"https:\/\/sick-stiftung.org\/rws\/portfolio-items\/freiburger-strassenschule-traeger-sos-kinderdorf-freiburg-schwarzwald-2\/?portfolioCats=7\">\n\t\t\t\t\t\tFreiburger Stra\u00dfenschule (Tr\u00e4ger: SOS Kinderdorf Freiburg-Schwarzwald)\t\t\t\t\t<\/a>\n\t\t\t\t<\/h4>\n\t\t\t\n\t\t\t\t\t\t\t\t\t\t\t\t\t\t<div class=\"fusion-rollover-categories\"><a href=\"https:\/\/sick-stiftung.org\/rws\/portfolio_category\/bildung-und-erziehung\/\" rel=\"tag\">Bildung und Erziehung<\/a><\/div>\t\t\t\t\t\n\t\t\n\t\t\t\t<a class=\"fusion-link-wrapper\" href=\"https:\/\/sick-stiftung.org\/rws\/portfolio-items\/freiburger-strassenschule-traeger-sos-kinderdorf-freiburg-schwarzwald-2\/?portfolioCats=7\" aria-label=\"Freiburger Stra\u00dfenschule (Tr\u00e4ger: SOS Kinderdorf Freiburg-Schwarzwald)\"><\/a>\n\t<\/div>\n<\/div>\n\n\t\n<\/div>\n<\/div><\/article><article id=\"portfolio-1-post-969\" class=\"fusion-portfolio-post bildung-und-erziehung fusion-col-spacing post-969\"><div class=\"fusion-portfolio-content-wrapper\" style=\"border:none;\"><span class=\"entry-title rich-snippet-hidden\">Kiki-Days (Tr\u00e4ger: Schu\u0308lerhaus Dreisamtal)<\/span><span class=\"vcard rich-snippet-hidden\"><span class=\"fn\"><a href=\"https:\/\/sick-stiftung.org\/rws\/author\/jh\/\" title=\"Beitr\u00e4ge von jh\" rel=\"author\">jh<\/a><\/span><\/span><span class=\"updated rich-snippet-hidden\">2018-01-26T10:29:39+01:00<\/span>\n\n<div  class=\"fusion-image-wrapper fusion-image-size-fixed\" aria-haspopup=\"true\">\n\t\n\t\n\t\n\t\t\n\t\t\t\t\t<img width=\"300\" height=\"214\" src=\"https:\/\/sick-stiftung.org\/rws\/wp-content\/uploads\/2017\/09\/KiKi-Days-web3-300x214.jpg\" class=\"attachment-portfolio-three size-portfolio-three wp-post-image\" alt=\"\" \/>\n\t\n\n\t\t<div class=\"fusion-rollover\">\n\t<div class=\"fusion-rollover-content\">\n\n\t\t\t\t\t\t\t\t\t\t\t\t\t\t<a class=\"fusion-rollover-link\" href=\"https:\/\/sick-stiftung.org\/rws\/portfolio-items\/kiki-days-traeger-schu%cc%88lerhaus-dreisamtal-2\/?portfolioCats=7\">Kiki-Days (Tr\u00e4ger: Schu\u0308lerhaus Dreisamtal)<\/a>\n\t\t\t\n\t\t\t\t\t\t\t\t\t\t\t\t\t\t\n\t\t\t\t\t\t\t\t\n\t\t\t\t\t\t\t\t\t\t\t\t\t<div class=\"fusion-rollover-sep\"><\/div>\n\t\t\t\t\n\t\t\t\t\t\t\t\t\t\t\t\t\t\t\t\t\t\t<a class=\"fusion-rollover-gallery\" href=\"https:\/\/sick-stiftung.org\/rws\/wp-content\/uploads\/2017\/09\/KiKi-Days-web3.jpg\" data-id=\"969\" data-rel=\"iLightbox[gallery-rw-1]\" data-title=\"KiKi-Days-web3\" data-caption=\"\">\n\t\t\t\t\t\tGallerie\t\t\t\t\t<\/a>\n\t\t\t\t\t\t\t\t\t\t\t\t\t\t\n\t\t\t\t\n\t\t\t\t\t\t\t\t\t\t\t\t<h4 class=\"fusion-rollover-title\">\n\t\t\t\t\t<a class=\"fusion-rollover-title-link\" href=\"https:\/\/sick-stiftung.org\/rws\/portfolio-items\/kiki-days-traeger-schu%cc%88lerhaus-dreisamtal-2\/?portfolioCats=7\">\n\t\t\t\t\t\tKiki-Days (Tr\u00e4ger: Schu\u0308lerhaus Dreisamtal)\t\t\t\t\t<\/a>\n\t\t\t\t<\/h4>\n\t\t\t\n\t\t\t\t\t\t\t\t\t\t\t\t\t\t<div class=\"fusion-rollover-categories\"><a href=\"https:\/\/sick-stiftung.org\/rws\/portfolio_category\/bildung-und-erziehung\/\" rel=\"tag\">Bildung und Erziehung<\/a><\/div>\t\t\t\t\t\n\t\t\n\t\t\t\t<a class=\"fusion-link-wrapper\" href=\"https:\/\/sick-stiftung.org\/rws\/portfolio-items\/kiki-days-traeger-schu%cc%88lerhaus-dreisamtal-2\/?portfolioCats=7\" aria-label=\"Kiki-Days (Tr\u00e4ger: Schu\u0308lerhaus Dreisamtal)\"><\/a>\n\t<\/div>\n<\/div>\n\n\t\n<\/div>\n<\/div><\/article><article id=\"portfolio-1-post-864\" class=\"fusion-portfolio-post bildung-und-erziehung fusion-col-spacing post-864\"><div class=\"fusion-portfolio-content-wrapper\" style=\"border:none;\"><span class=\"entry-title rich-snippet-hidden\">Internationale Musische Tagung \u2013 IMTA<\/span><span class=\"vcard rich-snippet-hidden\"><span class=\"fn\"><a href=\"https:\/\/sick-stiftung.org\/rws\/author\/jh\/\" title=\"Beitr\u00e4ge von jh\" rel=\"author\">jh<\/a><\/span><\/span><span class=\"updated rich-snippet-hidden\">2017-10-04T15:18:08+02:00<\/span>\n\n<div  class=\"fusion-image-wrapper fusion-image-size-fixed\" aria-haspopup=\"true\">\n\t\n\t\n\t\n\t\t\n\t\t\t\t\t<img width=\"300\" height=\"214\" src=\"https:\/\/sick-stiftung.org\/rws\/wp-content\/uploads\/2017\/08\/IMTA-web5-300x214.jpg\" class=\"attachment-portfolio-three size-portfolio-three wp-post-image\" alt=\"\" \/>\n\t\n\n\t\t<div class=\"fusion-rollover\">\n\t<div class=\"fusion-rollover-content\">\n\n\t\t\t\t\t\t\t\t\t\t\t\t\t\t<a class=\"fusion-rollover-link\" href=\"https:\/\/sick-stiftung.org\/rws\/portfolio-items\/internationale-musische-tagung-imta\/?portfolioCats=7\">Internationale Musische Tagung \u2013 IMTA<\/a>\n\t\t\t\n\t\t\t\t\t\t\t\t\t\t\t\t\t\t\n\t\t\t\t\t\t\t\t\n\t\t\t\t\t\t\t\t\t\t\t\t\t<div class=\"fusion-rollover-sep\"><\/div>\n\t\t\t\t\n\t\t\t\t\t\t\t\t\t\t\t\t\t\t\t\t\t\t<a class=\"fusion-rollover-gallery\" href=\"https:\/\/sick-stiftung.org\/rws\/wp-content\/uploads\/2017\/08\/IMTA-web5.jpg\" data-id=\"864\" data-rel=\"iLightbox[gallery-rw-1]\" data-title=\"IMTA-web5\" data-caption=\"\">\n\t\t\t\t\t\tGallerie\t\t\t\t\t<\/a>\n\t\t\t\t\t\t\t\t\t\t\t\t\t\t\n\t\t\t\t\n\t\t\t\t\t\t\t\t\t\t\t\t<h4 class=\"fusion-rollover-title\">\n\t\t\t\t\t<a class=\"fusion-rollover-title-link\" href=\"https:\/\/sick-stiftung.org\/rws\/portfolio-items\/internationale-musische-tagung-imta\/?portfolioCats=7\">\n\t\t\t\t\t\tInternationale Musische Tagung \u2013 IMTA\t\t\t\t\t<\/a>\n\t\t\t\t<\/h4>\n\t\t\t\n\t\t\t\t\t\t\t\t\t\t\t\t\t\t<div class=\"fusion-rollover-categories\"><a href=\"https:\/\/sick-stiftung.org\/rws\/portfolio_category\/bildung-und-erziehung\/\" rel=\"tag\">Bildung und Erziehung<\/a><\/div>\t\t\t\t\t\n\t\t\n\t\t\t\t<a class=\"fusion-link-wrapper\" href=\"https:\/\/sick-stiftung.org\/rws\/portfolio-items\/internationale-musische-tagung-imta\/?portfolioCats=7\" aria-label=\"Internationale Musische Tagung \u2013 IMTA\"><\/a>\n\t<\/div>\n<\/div>\n\n\t\n<\/div>\n<\/div><\/article><\/div><\/div><div class=\"fusion-clearfix\"><\/div><\/div><\/div><\/div><\/div><\/div><div id=\"musik\"><div class=\"fusion-fullwidth fullwidth-box fusion-builder-row-2 nonhundred-percent-fullwidth non-hundred-percent-height-scrolling\" style=\"background-color: #f9f9f9;background-position: center center;background-repeat: no-repeat;padding-top:0px;padding-right:0px;padding-bottom:0px;padding-left:0px;margin-bottom: 0px;margin-top: 0px;border-width: 0px 0px 0px 0px;border-color:#eae9e9;border-style:solid;\" ><div class=\"fusion-builder-row fusion-row\"><div class=\"fusion-layout-column fusion_builder_column fusion-builder-column-1 fusion_builder_column_1_1 1_1 fusion-one-full fusion-column-first fusion-column-last\" style=\"margin-top:0px;margin-bottom:20px;\"><div class=\"fusion-column-wrapper fusion-flex-column-wrapper-legacy\" style=\"background-position:left top;background-repeat:no-repeat;-webkit-background-size:cover;-moz-background-size:cover;-o-background-size:cover;background-size:cover;padding: 0px 0px 0px 0px;\"><div class=\"fusion-sep-clear\"><\/div><div class=\"fusion-separator fusion-full-width-sep\" style=\"margin-left: auto;margin-right: auto;margin-top:3%;width:100%;\"><\/div><div class=\"fusion-sep-clear\"><\/div><style type=\"text\/css\"><\/style><div class=\"fusion-title title fusion-title-3 fusion-sep-none fusion-title-center fusion-title-text fusion-title-size-one\" style=\"margin-top:0px;margin-bottom:31px;\"><h1 class=\"title-heading-center\" style=\"margin:0;\"><h2>Musik<\/h2><\/h1><\/div><div class=\"fusion-sep-clear\"><\/div><div class=\"fusion-separator\" style=\"margin-left: auto;margin-right: auto;width:100%;max-width:70%;\"><div class=\"fusion-separator-border sep-single sep-solid\" style=\"border-color:#e0dede;border-top-width:1px;\"><\/div><\/div><div class=\"fusion-sep-clear\"><\/div><div class=\"fusion-sep-clear\"><\/div><div class=\"fusion-separator fusion-full-width-sep\" style=\"margin-left: auto;margin-right: auto;margin-top:2%;width:100%;\"><\/div><div class=\"fusion-sep-clear\"><\/div><div class=\"fusion-text fusion-text-2\" style=\"transform:translate3d(0,0,0);\"><p>Musik ist nicht nur ein grundlegender Bestandteil ganzheitlicher Bildung, sondern dar\u00fcber hinaus ein starkes Medium, um Menschen unterschiedlichen Alters, Bildungsniveaus oder unterschiedlicher Herkunft miteinander zu verbinden. Musik ist eine der \u00e4ltesten Formen der menschlichen Kommunikation und findet, unabh\u00e4ngig von der Muttersprache, einen direkten Zugang zu unseren Emotionen.<\/p>\n<p>Die Stiftung f\u00f6rdert insbesondere musikalische Projekte, die dazu beitragen, Menschen zu verbinden.<\/p>\n<\/div><div class=\"fusion-sep-clear\"><\/div><div class=\"fusion-separator fusion-full-width-sep\" style=\"margin-left: auto;margin-right: auto;margin-top:2%;width:100%;\"><\/div><div class=\"fusion-sep-clear\"><\/div><style type=\"text\/css\"><\/style><div class=\"fusion-title title fusion-title-4 fusion-sep-none fusion-title-text fusion-title-size-three\" style=\"margin-top:0px;margin-bottom:31px;\"><h3 class=\"title-heading-left\" style=\"margin:0;\"><h3 style=\"text-align: center; color: #f1876c;\"><span style=\"color: #514f4d;\">Aktuelle Projekte:<\/span> <a style=\"color: #e38c72;\" href=\"https:\/\/sick-stiftung.org\/rws\/portfolio_category\/musik\/\">Musik<\/a><\/h3><\/h3><\/div><div class=\"fusion-sep-clear\"><\/div><div class=\"fusion-separator fusion-full-width-sep\" style=\"margin-left: auto;margin-right: auto;margin-top:2%;width:100%;\"><\/div><div class=\"fusion-sep-clear\"><\/div><div class=\"fusion-recent-works fusion-portfolio-element fusion-portfolio fusion-portfolio-2 fusion-portfolio-grid fusion-portfolio-paging-none fusion-portfolio-three fusion-portfolio-no_text fusion-portfolio-rollover\" data-id=\"-rw-2\" data-columns=\"three\"><style type=\"text\/css\">.fusion-portfolio-2 .fusion-portfolio-wrapper .fusion-col-spacing{padding:32.5px;}<\/style><div class=\"fusion-portfolio-wrapper\" id=\"fusion-portfolio-2\" data-picturesize=\"fixed\" data-pages=\"2\" style=\"margin:-32.5px;\"><article id=\"portfolio-2-post-796\" class=\"fusion-portfolio-post musik fusion-col-spacing post-796\"><div class=\"fusion-portfolio-content-wrapper\" style=\"border:none;\"><span class=\"entry-title rich-snippet-hidden\">LIveMusicNow<\/span><span class=\"vcard rich-snippet-hidden\"><span class=\"fn\"><a href=\"https:\/\/sick-stiftung.org\/rws\/author\/jh\/\" title=\"Beitr\u00e4ge von jh\" rel=\"author\">jh<\/a><\/span><\/span><span class=\"updated rich-snippet-hidden\">2017-10-26T11:22:54+02:00<\/span>\n\n<div  class=\"fusion-image-wrapper fusion-image-size-fixed\" aria-haspopup=\"true\">\n\t\n\t\n\t\n\t\t\n\t\t\t\t\t<img width=\"300\" height=\"214\" src=\"https:\/\/sick-stiftung.org\/rws\/wp-content\/uploads\/2017\/09\/LIve-Music-Now_web2-300x214.jpg\" class=\"attachment-portfolio-three size-portfolio-three wp-post-image\" alt=\"\" \/>\n\t\n\n\t\t<div class=\"fusion-rollover\">\n\t<div class=\"fusion-rollover-content\">\n\n\t\t\t\t\t\t\t\t\t\t\t\t\t\t<a class=\"fusion-rollover-link\" href=\"https:\/\/sick-stiftung.org\/rws\/portfolio-items\/livemusicnow\/?portfolioCats=8\">LIveMusicNow<\/a>\n\t\t\t\n\t\t\t\t\t\t\t\t\t\t\t\t\t\t\n\t\t\t\t\t\t\t\t\n\t\t\t\t\t\t\t\t\t\t\t\t\t<div class=\"fusion-rollover-sep\"><\/div>\n\t\t\t\t\n\t\t\t\t\t\t\t\t\t\t\t\t\t\t\t\t\t\t<a class=\"fusion-rollover-gallery\" href=\"https:\/\/sick-stiftung.org\/rws\/wp-content\/uploads\/2017\/09\/LIve-Music-Now_web2.jpg\" data-id=\"796\" data-rel=\"iLightbox[gallery-rw-2]\" data-title=\"LIve-Music-Now_web2\" data-caption=\"\">\n\t\t\t\t\t\tGallerie\t\t\t\t\t<\/a>\n\t\t\t\t\t\t\t\t\t\t\t\t\t\t\n\t\t\t\t\n\t\t\t\t\t\t\t\t\t\t\t\t<h4 class=\"fusion-rollover-title\">\n\t\t\t\t\t<a class=\"fusion-rollover-title-link\" href=\"https:\/\/sick-stiftung.org\/rws\/portfolio-items\/livemusicnow\/?portfolioCats=8\">\n\t\t\t\t\t\tLIveMusicNow\t\t\t\t\t<\/a>\n\t\t\t\t<\/h4>\n\t\t\t\n\t\t\t\t\t\t\t\t\t\t\t\t\t\t<div class=\"fusion-rollover-categories\"><a href=\"https:\/\/sick-stiftung.org\/rws\/portfolio_category\/musik\/\" rel=\"tag\">Musik<\/a><\/div>\t\t\t\t\t\n\t\t\n\t\t\t\t<a class=\"fusion-link-wrapper\" href=\"https:\/\/sick-stiftung.org\/rws\/portfolio-items\/livemusicnow\/?portfolioCats=8\" aria-label=\"LIveMusicNow\"><\/a>\n\t<\/div>\n<\/div>\n\n\t\n<\/div>\n<\/div><\/article><article id=\"portfolio-2-post-866\" class=\"fusion-portfolio-post musik fusion-col-spacing post-866\"><div class=\"fusion-portfolio-content-wrapper\" style=\"border:none;\"><span class=\"entry-title rich-snippet-hidden\">ZMF Gala Heim- und Fluchtorchester<\/span><span class=\"vcard rich-snippet-hidden\"><span class=\"fn\"><a href=\"https:\/\/sick-stiftung.org\/rws\/author\/jh\/\" title=\"Beitr\u00e4ge von jh\" rel=\"author\">jh<\/a><\/span><\/span><span class=\"updated rich-snippet-hidden\">2017-10-04T15:14:47+02:00<\/span>\n\n<div  class=\"fusion-image-wrapper fusion-image-size-fixed\" aria-haspopup=\"true\">\n\t\n\t\n\t\n\t\t\n\t\t\t\t\t<img width=\"300\" height=\"214\" src=\"https:\/\/sick-stiftung.org\/rws\/wp-content\/uploads\/2017\/08\/ZMF-Gala-web2-300x214.jpg\" class=\"attachment-portfolio-three size-portfolio-three wp-post-image\" alt=\"\" \/>\n\t\n\n\t\t<div class=\"fusion-rollover\">\n\t<div class=\"fusion-rollover-content\">\n\n\t\t\t\t\t\t\t\t\t\t\t\t\t\t<a class=\"fusion-rollover-link\" href=\"https:\/\/sick-stiftung.org\/rws\/portfolio-items\/zmf-gala-heim-und-fluchtorchester\/?portfolioCats=8\">ZMF Gala Heim- und Fluchtorchester<\/a>\n\t\t\t\n\t\t\t\t\t\t\t\t\t\t\t\t\t\t\n\t\t\t\t\t\t\t\t\n\t\t\t\t\t\t\t\t\t\t\t\t\t<div class=\"fusion-rollover-sep\"><\/div>\n\t\t\t\t\n\t\t\t\t\t\t\t\t\t\t\t\t\t\t\t\t\t\t<a class=\"fusion-rollover-gallery\" href=\"https:\/\/sick-stiftung.org\/rws\/wp-content\/uploads\/2017\/08\/ZMF-Gala-web2.jpg\" data-id=\"866\" data-rel=\"iLightbox[gallery-rw-2]\" data-title=\"ZMF-Gala-web2\" data-caption=\"\">\n\t\t\t\t\t\tGallerie\t\t\t\t\t<\/a>\n\t\t\t\t\t\t\t\t\t\t\t\t\t\t\n\t\t\t\t\n\t\t\t\t\t\t\t\t\t\t\t\t<h4 class=\"fusion-rollover-title\">\n\t\t\t\t\t<a class=\"fusion-rollover-title-link\" href=\"https:\/\/sick-stiftung.org\/rws\/portfolio-items\/zmf-gala-heim-und-fluchtorchester\/?portfolioCats=8\">\n\t\t\t\t\t\tZMF Gala Heim- und Fluchtorchester\t\t\t\t\t<\/a>\n\t\t\t\t<\/h4>\n\t\t\t\n\t\t\t\t\t\t\t\t\t\t\t\t\t\t<div class=\"fusion-rollover-categories\"><a href=\"https:\/\/sick-stiftung.org\/rws\/portfolio_category\/musik\/\" rel=\"tag\">Musik<\/a><\/div>\t\t\t\t\t\n\t\t\n\t\t\t\t<a class=\"fusion-link-wrapper\" href=\"https:\/\/sick-stiftung.org\/rws\/portfolio-items\/zmf-gala-heim-und-fluchtorchester\/?portfolioCats=8\" aria-label=\"ZMF Gala Heim- und Fluchtorchester\"><\/a>\n\t<\/div>\n<\/div>\n\n\t\n<\/div>\n<\/div><\/article><article id=\"portfolio-2-post-823\" class=\"fusion-portfolio-post musik fusion-col-spacing post-823\"><div class=\"fusion-portfolio-content-wrapper\" style=\"border:none;\"><span class=\"entry-title rich-snippet-hidden\">Bandprojekt Tunnelblick<\/span><span class=\"vcard rich-snippet-hidden\"><span class=\"fn\"><a href=\"https:\/\/sick-stiftung.org\/rws\/author\/jh\/\" title=\"Beitr\u00e4ge von jh\" rel=\"author\">jh<\/a><\/span><\/span><span class=\"updated rich-snippet-hidden\">2017-10-19T12:21:24+02:00<\/span>\n\n<div  class=\"fusion-image-wrapper fusion-image-size-fixed\" aria-haspopup=\"true\">\n\t\n\t\n\t\n\t\t\n\t\t\t\t\t<img width=\"300\" height=\"214\" src=\"https:\/\/sick-stiftung.org\/rws\/wp-content\/uploads\/2017\/08\/Tunnelblick-web-1-300x214.png\" class=\"attachment-portfolio-three size-portfolio-three wp-post-image\" alt=\"\" \/>\n\t\n\n\t\t<div class=\"fusion-rollover\">\n\t<div class=\"fusion-rollover-content\">\n\n\t\t\t\t\t\t\t\t\t\t\t\t\t\t<a class=\"fusion-rollover-link\" href=\"https:\/\/sick-stiftung.org\/rws\/portfolio-items\/tunnelblick-band-strassenschule\/?portfolioCats=8\">Bandprojekt Tunnelblick<\/a>\n\t\t\t\n\t\t\t\t\t\t\t\t\t\t\t\t\t\t\n\t\t\t\t\t\t\t\t\n\t\t\t\t\t\t\t\t\t\t\t\t\t<div class=\"fusion-rollover-sep\"><\/div>\n\t\t\t\t\n\t\t\t\t\t\t\t\t\t\t\t\t\t\t\t\t\t\t<a class=\"fusion-rollover-gallery\" href=\"https:\/\/sick-stiftung.org\/rws\/wp-content\/uploads\/2017\/08\/Tunnelblick-web-1.png\" data-id=\"823\" data-rel=\"iLightbox[gallery-rw-2]\" data-title=\"Tunnelblick-web-1\" data-caption=\"\">\n\t\t\t\t\t\tGallerie\t\t\t\t\t<\/a>\n\t\t\t\t\t\t\t\t\t\t\t\t\t\t\n\t\t\t\t\n\t\t\t\t\t\t\t\t\t\t\t\t<h4 class=\"fusion-rollover-title\">\n\t\t\t\t\t<a class=\"fusion-rollover-title-link\" href=\"https:\/\/sick-stiftung.org\/rws\/portfolio-items\/tunnelblick-band-strassenschule\/?portfolioCats=8\">\n\t\t\t\t\t\tBandprojekt Tunnelblick\t\t\t\t\t<\/a>\n\t\t\t\t<\/h4>\n\t\t\t\n\t\t\t\t\t\t\t\t\t\t\t\t\t\t<div class=\"fusion-rollover-categories\"><a href=\"https:\/\/sick-stiftung.org\/rws\/portfolio_category\/musik\/\" rel=\"tag\">Musik<\/a><\/div>\t\t\t\t\t\n\t\t\n\t\t\t\t<a class=\"fusion-link-wrapper\" href=\"https:\/\/sick-stiftung.org\/rws\/portfolio-items\/tunnelblick-band-strassenschule\/?portfolioCats=8\" aria-label=\"Bandprojekt Tunnelblick\"><\/a>\n\t<\/div>\n<\/div>\n\n\t\n<\/div>\n<\/div><\/article><\/div><\/div><div class=\"fusion-clearfix\"><\/div><\/div><\/div><\/div><\/div><\/div><div id=\"kunst\"><div class=\"fusion-fullwidth fullwidth-box fusion-builder-row-3 nonhundred-percent-fullwidth non-hundred-percent-height-scrolling\" style=\"background-color: rgba(255,255,255,0);background-position: center center;background-repeat: no-repeat;padding-top:0px;padding-right:0px;padding-bottom:0px;padding-left:0px;margin-bottom: 0px;margin-top: 0px;border-width: 0px 0px 0px 0px;border-color:#eae9e9;border-style:solid;\" ><div class=\"fusion-builder-row fusion-row\"><div class=\"fusion-layout-column fusion_builder_column fusion-builder-column-2 fusion_builder_column_1_1 1_1 fusion-one-full fusion-column-first fusion-column-last\" style=\"margin-top:0px;margin-bottom:20px;\"><div class=\"fusion-column-wrapper fusion-flex-column-wrapper-legacy\" style=\"background-position:left top;background-repeat:no-repeat;-webkit-background-size:cover;-moz-background-size:cover;-o-background-size:cover;background-size:cover;padding: 0px 0px 0px 0px;\"><div class=\"fusion-sep-clear\"><\/div><div class=\"fusion-separator fusion-full-width-sep\" style=\"margin-left: auto;margin-right: auto;margin-top:3%;width:100%;\"><\/div><div class=\"fusion-sep-clear\"><\/div><style type=\"text\/css\"><\/style><div class=\"fusion-title title fusion-title-5 fusion-sep-none fusion-title-center fusion-title-text fusion-title-size-one\" style=\"margin-top:0px;margin-bottom:31px;\"><h1 class=\"title-heading-center\" style=\"margin:0;\"><h2>Kunst und Kultur<\/h2><\/h1><\/div><div class=\"fusion-sep-clear\"><\/div><div class=\"fusion-separator\" style=\"margin-left: auto;margin-right: auto;width:100%;max-width:70%;\"><div class=\"fusion-separator-border sep-single sep-solid\" style=\"border-color:#e0dede;border-top-width:1px;\"><\/div><\/div><div class=\"fusion-sep-clear\"><\/div><div class=\"fusion-sep-clear\"><\/div><div class=\"fusion-separator fusion-full-width-sep\" style=\"margin-left: auto;margin-right: auto;margin-top:2%;width:100%;\"><\/div><div class=\"fusion-sep-clear\"><\/div><div class=\"fusion-text fusion-text-3\" style=\"transform:translate3d(0,0,0);\"><p>Kultur hat einen wesentlichen Einfluss auf die Entwicklung von Menschen. Sie erh\u00e4lt und f\u00f6rdert eine funktionierende Demokratie sowie kulturelle und soziale Vielfalt. Sie ist Motor f\u00fcr Integration und Bildung. Die Stiftung f\u00f6rdert daher Projekte, Initiativen und Organisationen, die insbesondere benachteiligten Menschen\u00a0 darstellende Kunst und bildende Kunst n\u00e4herbringen und diese erleben lassen.<\/p>\n<\/div><div class=\"fusion-sep-clear\"><\/div><div class=\"fusion-separator fusion-full-width-sep\" style=\"margin-left: auto;margin-right: auto;margin-top:2%;width:100%;\"><\/div><div class=\"fusion-sep-clear\"><\/div><style type=\"text\/css\"><\/style><div class=\"fusion-title title fusion-title-6 fusion-sep-none fusion-title-text fusion-title-size-three\" style=\"margin-top:0px;margin-bottom:31px;\"><h3 class=\"title-heading-left\" style=\"margin:0;\"><h3 style=\"text-align: center; color: #f1876c;\"><span style=\"color: #514f4d;\">Aktuelle Projekte:\u00a0<\/span><a style=\"color: #e38c72;\" href=\"https:\/\/sick-stiftung.org\/rws\/portfolio_category\/kunst-und-kultur\/\">Kunst und Kultur<\/a><\/h3><\/h3><\/div><div class=\"fusion-sep-clear\"><\/div><div class=\"fusion-separator fusion-full-width-sep\" style=\"margin-left: auto;margin-right: auto;margin-top:2%;width:100%;\"><\/div><div class=\"fusion-sep-clear\"><\/div><div class=\"fusion-recent-works fusion-portfolio-element fusion-portfolio fusion-portfolio-3 fusion-portfolio-grid fusion-portfolio-paging-none fusion-portfolio-three fusion-portfolio-no_text fusion-portfolio-rollover\" data-id=\"-rw-3\" data-columns=\"three\"><style type=\"text\/css\">.fusion-portfolio-3 .fusion-portfolio-wrapper .fusion-col-spacing{padding:32.5px;}<\/style><div class=\"fusion-portfolio-wrapper\" id=\"fusion-portfolio-3\" data-picturesize=\"fixed\" data-pages=\"2\" style=\"margin:-32.5px;\"><article id=\"portfolio-3-post-832\" class=\"fusion-portfolio-post kunst-und-kultur fusion-col-spacing post-832\"><div class=\"fusion-portfolio-content-wrapper\" style=\"border:none;\"><span class=\"entry-title rich-snippet-hidden\">Das blaue Wunder (Tr\u00e4ger PTSV Jahn)<\/span><span class=\"vcard rich-snippet-hidden\"><span class=\"fn\"><a href=\"https:\/\/sick-stiftung.org\/rws\/author\/jh\/\" title=\"Beitr\u00e4ge von jh\" rel=\"author\">jh<\/a><\/span><\/span><span class=\"updated rich-snippet-hidden\">2017-12-19T10:01:30+01:00<\/span>\n\n<div  class=\"fusion-image-wrapper fusion-image-size-fixed\" aria-haspopup=\"true\">\n\t\n\t\n\t\n\t\t\n\t\t\t\t\t<img width=\"300\" height=\"214\" src=\"https:\/\/sick-stiftung.org\/rws\/wp-content\/uploads\/2017\/08\/blaue-wunder-web2-300x214.jpg\" class=\"attachment-portfolio-three size-portfolio-three wp-post-image\" alt=\"\" \/>\n\t\n\n\t\t<div class=\"fusion-rollover\">\n\t<div class=\"fusion-rollover-content\">\n\n\t\t\t\t\t\t\t\t\t\t\t\t\t\t<a class=\"fusion-rollover-link\" href=\"https:\/\/sick-stiftung.org\/rws\/portfolio-items\/das-blaue-wunder-traeger-ptsv-jahn\/?portfolioCats=9\">Das blaue Wunder (Tr\u00e4ger PTSV Jahn)<\/a>\n\t\t\t\n\t\t\t\t\t\t\t\t\t\t\t\t\t\t\n\t\t\t\t\t\t\t\t\n\t\t\t\t\t\t\t\t\t\t\t\t\t<div class=\"fusion-rollover-sep\"><\/div>\n\t\t\t\t\n\t\t\t\t\t\t\t\t\t\t\t\t\t\t\t\t\t\t<a class=\"fusion-rollover-gallery\" href=\"https:\/\/sick-stiftung.org\/rws\/wp-content\/uploads\/2017\/08\/blaue-wunder-web2.jpg\" data-id=\"832\" data-rel=\"iLightbox[gallery-rw-3]\" data-title=\"blaue-wunder-web2\" data-caption=\"\">\n\t\t\t\t\t\tGallerie\t\t\t\t\t<\/a>\n\t\t\t\t\t\t\t\t\t\t\t\t\t\t\n\t\t\t\t\n\t\t\t\t\t\t\t\t\t\t\t\t<h4 class=\"fusion-rollover-title\">\n\t\t\t\t\t<a class=\"fusion-rollover-title-link\" href=\"https:\/\/sick-stiftung.org\/rws\/portfolio-items\/das-blaue-wunder-traeger-ptsv-jahn\/?portfolioCats=9\">\n\t\t\t\t\t\tDas blaue Wunder (Tr\u00e4ger PTSV Jahn)\t\t\t\t\t<\/a>\n\t\t\t\t<\/h4>\n\t\t\t\n\t\t\t\t\t\t\t\t\t\t\t\t\t\t<div class=\"fusion-rollover-categories\"><a href=\"https:\/\/sick-stiftung.org\/rws\/portfolio_category\/kunst-und-kultur\/\" rel=\"tag\">Kunst und Kultur<\/a><\/div>\t\t\t\t\t\n\t\t\n\t\t\t\t<a class=\"fusion-link-wrapper\" href=\"https:\/\/sick-stiftung.org\/rws\/portfolio-items\/das-blaue-wunder-traeger-ptsv-jahn\/?portfolioCats=9\" aria-label=\"Das blaue Wunder (Tr\u00e4ger PTSV Jahn)\"><\/a>\n\t<\/div>\n<\/div>\n\n\t\n<\/div>\n<\/div><\/article><article id=\"portfolio-3-post-830\" class=\"fusion-portfolio-post kunst-und-kultur fusion-col-spacing post-830\"><div class=\"fusion-portfolio-content-wrapper\" style=\"border:none;\"><span class=\"entry-title rich-snippet-hidden\">Denk ich an Deutschland in der Nacht (Tr\u00e4ger: Interkulturelles Theater Freiburg)<\/span><span class=\"vcard rich-snippet-hidden\"><span class=\"fn\"><a href=\"https:\/\/sick-stiftung.org\/rws\/author\/jh\/\" title=\"Beitr\u00e4ge von jh\" rel=\"author\">jh<\/a><\/span><\/span><span class=\"updated rich-snippet-hidden\">2017-09-28T14:15:26+02:00<\/span>\n\n<div  class=\"fusion-image-wrapper fusion-image-size-fixed\" aria-haspopup=\"true\">\n\t\n\t\n\t\n\t\t\n\t\t\t\t\t<img width=\"300\" height=\"214\" src=\"https:\/\/sick-stiftung.org\/rws\/wp-content\/uploads\/2017\/08\/interkulturelles-Theater-web2-1-300x214.jpg\" class=\"attachment-portfolio-three size-portfolio-three wp-post-image\" alt=\"\" \/>\n\t\n\n\t\t<div class=\"fusion-rollover\">\n\t<div class=\"fusion-rollover-content\">\n\n\t\t\t\t\t\t\t\t\t\t\t\t\t\t<a class=\"fusion-rollover-link\" href=\"https:\/\/sick-stiftung.org\/rws\/portfolio-items\/denk-ich-an-deutschland-in-der-nacht-traeger-interkulturelles-theater-freiburg\/?portfolioCats=9\">Denk ich an Deutschland in der Nacht (Tr\u00e4ger: Interkulturelles Theater Freiburg)<\/a>\n\t\t\t\n\t\t\t\t\t\t\t\t\t\t\t\t\t\t\n\t\t\t\t\t\t\t\t\n\t\t\t\t\t\t\t\t\t\t\t\t\t<div class=\"fusion-rollover-sep\"><\/div>\n\t\t\t\t\n\t\t\t\t\t\t\t\t\t\t\t\t\t\t\t\t\t\t<a class=\"fusion-rollover-gallery\" href=\"https:\/\/sick-stiftung.org\/rws\/wp-content\/uploads\/2017\/08\/interkulturelles-Theater-web2-1.jpg\" data-id=\"830\" data-rel=\"iLightbox[gallery-rw-3]\" data-title=\"interkulturelles-Theater-web2\" data-caption=\"\">\n\t\t\t\t\t\tGallerie\t\t\t\t\t<\/a>\n\t\t\t\t\t\t\t\t\t\t\t\t\t\t\n\t\t\t\t\n\t\t\t\t\t\t\t\t\t\t\t\t<h4 class=\"fusion-rollover-title\">\n\t\t\t\t\t<a class=\"fusion-rollover-title-link\" href=\"https:\/\/sick-stiftung.org\/rws\/portfolio-items\/denk-ich-an-deutschland-in-der-nacht-traeger-interkulturelles-theater-freiburg\/?portfolioCats=9\">\n\t\t\t\t\t\tDenk ich an Deutschland in der Nacht (Tr\u00e4ger: Interkulturelles Theater Freiburg)\t\t\t\t\t<\/a>\n\t\t\t\t<\/h4>\n\t\t\t\n\t\t\t\t\t\t\t\t\t\t\t\t\t\t<div class=\"fusion-rollover-categories\"><a href=\"https:\/\/sick-stiftung.org\/rws\/portfolio_category\/kunst-und-kultur\/\" rel=\"tag\">Kunst und Kultur<\/a><\/div>\t\t\t\t\t\n\t\t\n\t\t\t\t<a class=\"fusion-link-wrapper\" href=\"https:\/\/sick-stiftung.org\/rws\/portfolio-items\/denk-ich-an-deutschland-in-der-nacht-traeger-interkulturelles-theater-freiburg\/?portfolioCats=9\" aria-label=\"Denk ich an Deutschland in der Nacht (Tr\u00e4ger: Interkulturelles Theater Freiburg)\"><\/a>\n\t<\/div>\n<\/div>\n\n\t\n<\/div>\n<\/div><\/article><article id=\"portfolio-3-post-828\" class=\"fusion-portfolio-post kunst-und-kultur fusion-col-spacing post-828\"><div class=\"fusion-portfolio-content-wrapper\" style=\"border:none;\"><span class=\"entry-title rich-snippet-hidden\">Nachtfeder (Tr\u00e4ger: Cie Horizonvertical)<\/span><span class=\"vcard rich-snippet-hidden\"><span class=\"fn\"><a href=\"https:\/\/sick-stiftung.org\/rws\/author\/jh\/\" title=\"Beitr\u00e4ge von jh\" rel=\"author\">jh<\/a><\/span><\/span><span class=\"updated rich-snippet-hidden\">2018-01-29T10:50:20+01:00<\/span>\n\n<div  class=\"fusion-image-wrapper fusion-image-size-fixed\" aria-haspopup=\"true\">\n\t\n\t\n\t\n\t\t\n\t\t\t\t\t<img width=\"300\" height=\"214\" src=\"https:\/\/sick-stiftung.org\/rws\/wp-content\/uploads\/2017\/08\/Nachtfeder-web5-300x214.jpg\" class=\"attachment-portfolio-three size-portfolio-three wp-post-image\" alt=\"\" \/>\n\t\n\n\t\t<div class=\"fusion-rollover\">\n\t<div class=\"fusion-rollover-content\">\n\n\t\t\t\t\t\t\t\t\t\t\t\t\t\t<a class=\"fusion-rollover-link\" href=\"https:\/\/sick-stiftung.org\/rws\/portfolio-items\/nachtfeder-traeger-cie-horizonvertical\/?portfolioCats=9\">Nachtfeder (Tr\u00e4ger: Cie Horizonvertical)<\/a>\n\t\t\t\n\t\t\t\t\t\t\t\t\t\t\t\t\t\t\n\t\t\t\t\t\t\t\t\n\t\t\t\t\t\t\t\t\t\t\t\t\t<div class=\"fusion-rollover-sep\"><\/div>\n\t\t\t\t\n\t\t\t\t\t\t\t\t\t\t\t\t\t\t\t\t\t\t<a class=\"fusion-rollover-gallery\" href=\"https:\/\/sick-stiftung.org\/rws\/wp-content\/uploads\/2017\/08\/Nachtfeder-web5.jpg\" data-id=\"828\" data-rel=\"iLightbox[gallery-rw-3]\" data-title=\"Nachtfeder-web5\" data-caption=\"\">\n\t\t\t\t\t\tGallerie\t\t\t\t\t<\/a>\n\t\t\t\t\t\t\t\t\t\t\t\t\t\t\n\t\t\t\t\n\t\t\t\t\t\t\t\t\t\t\t\t<h4 class=\"fusion-rollover-title\">\n\t\t\t\t\t<a class=\"fusion-rollover-title-link\" href=\"https:\/\/sick-stiftung.org\/rws\/portfolio-items\/nachtfeder-traeger-cie-horizonvertical\/?portfolioCats=9\">\n\t\t\t\t\t\tNachtfeder (Tr\u00e4ger: Cie Horizonvertical)\t\t\t\t\t<\/a>\n\t\t\t\t<\/h4>\n\t\t\t\n\t\t\t\t\t\t\t\t\t\t\t\t\t\t<div class=\"fusion-rollover-categories\"><a href=\"https:\/\/sick-stiftung.org\/rws\/portfolio_category\/kunst-und-kultur\/\" rel=\"tag\">Kunst und Kultur<\/a><\/div>\t\t\t\t\t\n\t\t\n\t\t\t\t<a class=\"fusion-link-wrapper\" href=\"https:\/\/sick-stiftung.org\/rws\/portfolio-items\/nachtfeder-traeger-cie-horizonvertical\/?portfolioCats=9\" aria-label=\"Nachtfeder (Tr\u00e4ger: Cie Horizonvertical)\"><\/a>\n\t<\/div>\n<\/div>\n\n\t\n<\/div>\n<\/div><\/article><\/div><\/div><div class=\"fusion-clearfix\"><\/div><\/div><\/div><\/div><\/div><\/div><div id=\"sport\"><div class=\"fusion-fullwidth fullwidth-box fusion-builder-row-4 nonhundred-percent-fullwidth non-hundred-percent-height-scrolling\" style=\"background-color: #f9f9f9;background-position: center center;background-repeat: no-repeat;padding-top:0px;padding-right:0px;padding-bottom:0px;padding-left:0px;margin-bottom: 0px;margin-top: 0px;border-width: 0px 0px 0px 0px;border-color:#eae9e9;border-style:solid;\" ><div class=\"fusion-builder-row fusion-row\"><div class=\"fusion-layout-column fusion_builder_column fusion-builder-column-3 fusion_builder_column_1_1 1_1 fusion-one-full fusion-column-first fusion-column-last\" style=\"margin-top:0px;margin-bottom:20px;\"><div class=\"fusion-column-wrapper fusion-flex-column-wrapper-legacy\" style=\"background-position:left top;background-repeat:no-repeat;-webkit-background-size:cover;-moz-background-size:cover;-o-background-size:cover;background-size:cover;padding: 0px 0px 0px 0px;\"><div class=\"fusion-sep-clear\"><\/div><div class=\"fusion-separator fusion-full-width-sep\" style=\"margin-left: auto;margin-right: auto;margin-top:3%;width:100%;\"><\/div><div class=\"fusion-sep-clear\"><\/div><style type=\"text\/css\"><\/style><div class=\"fusion-title title fusion-title-7 fusion-sep-none fusion-title-center fusion-title-text fusion-title-size-one\" style=\"margin-top:0px;margin-bottom:31px;\"><h1 class=\"title-heading-center\" style=\"margin:0;\"><h2>Sport Allgemein und Sport f\u00fcr Menschen mit Behinderung<\/h2><\/h1><\/div><div class=\"fusion-sep-clear\"><\/div><div class=\"fusion-separator\" style=\"margin-left: auto;margin-right: auto;width:100%;max-width:70%;\"><div class=\"fusion-separator-border sep-single sep-solid\" style=\"border-color:#e0dede;border-top-width:1px;\"><\/div><\/div><div class=\"fusion-sep-clear\"><\/div><div class=\"fusion-sep-clear\"><\/div><div class=\"fusion-separator fusion-full-width-sep\" style=\"margin-left: auto;margin-right: auto;margin-top:2%;width:100%;\"><\/div><div class=\"fusion-sep-clear\"><\/div><div class=\"fusion-text fusion-text-4\" style=\"transform:translate3d(0,0,0);\"><p>Sport und Bewegung nehmen in der Breite unserer Gesellschaft ab. Dabei h\u00e4lt Sport gesund und geistig fit. Im Ergebnis f\u00fchlen sich Menschen, die Sport treiben, wohler \u2013 physisch und psychisch. Zudem hat Sport Einfluss auf die Sozialkompetenz und das soziale Netzwerk jedes Einzelnen. Die Stiftung f\u00f6rdert regionale Projekte, die Menschen in Bewegung bringen. Schwerpunkt sind Projekte f\u00fcr Kinder und Jugendliche und Menschen mit Behinderung.<\/p>\n<\/div><div class=\"fusion-sep-clear\"><\/div><div class=\"fusion-separator fusion-full-width-sep\" style=\"margin-left: auto;margin-right: auto;margin-top:2%;width:100%;\"><\/div><div class=\"fusion-sep-clear\"><\/div><style type=\"text\/css\"><\/style><div class=\"fusion-title title fusion-title-8 fusion-sep-none fusion-title-text fusion-title-size-three\" style=\"margin-top:0px;margin-bottom:31px;\"><h3 class=\"title-heading-left\" style=\"margin:0;\"><h3 style=\"text-align: center; color: #f1876c;\"><span style=\"color: #514f4d;\">Aktuelle Projekte:<\/span> <a style=\"color: #e38c72;\" href=\"https:\/\/sick-stiftung.org\/rws\/portfolio_category\/sport\/\">Sport\u00a0Allgemein und Sport f\u00fcr Menschen mit Behinderung<\/a><\/h3><\/h3><\/div><div class=\"fusion-sep-clear\"><\/div><div class=\"fusion-separator fusion-full-width-sep\" style=\"margin-left: auto;margin-right: auto;margin-top:2%;width:100%;\"><\/div><div class=\"fusion-sep-clear\"><\/div><div class=\"fusion-recent-works fusion-portfolio-element fusion-portfolio fusion-portfolio-4 fusion-portfolio-grid fusion-portfolio-paging-none fusion-portfolio-three fusion-portfolio-no_text fusion-portfolio-rollover\" data-id=\"-rw-4\" data-columns=\"three\"><style type=\"text\/css\">.fusion-portfolio-4 .fusion-portfolio-wrapper .fusion-col-spacing{padding:20px;}<\/style><div class=\"fusion-portfolio-wrapper\" id=\"fusion-portfolio-4\" data-picturesize=\"fixed\" data-pages=\"3\" style=\"margin:-20px;\"><article id=\"portfolio-4-post-1385\" class=\"fusion-portfolio-post sport fusion-col-spacing post-1385\"><div class=\"fusion-portfolio-content-wrapper\" style=\"border:none;\"><span class=\"entry-title rich-snippet-hidden\">Freiburger Turnerschaft von 1844 e.V. &#8211; Projekt Medien-gest\u00fctztes Rollkunstlauf-Training<\/span><span class=\"vcard rich-snippet-hidden\"><span class=\"fn\"><a href=\"https:\/\/sick-stiftung.org\/rws\/author\/jh\/\" title=\"Beitr\u00e4ge von jh\" rel=\"author\">jh<\/a><\/span><\/span><span class=\"updated rich-snippet-hidden\">2019-02-19T14:53:48+01:00<\/span>\n\n<div  class=\"fusion-image-wrapper fusion-image-size-fixed\" aria-haspopup=\"true\">\n\t\n\t\n\t\n\t\t\n\t\t\t\t\t<img width=\"300\" height=\"214\" src=\"https:\/\/sick-stiftung.org\/rws\/wp-content\/uploads\/2019\/02\/sick-stiftung-rws-freiburger-thurnerschaft-1-vorschau-300x214.jpg\" class=\"attachment-portfolio-three size-portfolio-three wp-post-image\" alt=\"sick-stiftung-rws-freiburger-thurnerschaft-1-vorschau\" \/>\n\t\n\n\t\t<div class=\"fusion-rollover\">\n\t<div class=\"fusion-rollover-content\">\n\n\t\t\t\t\t\t\t\t\t\t\t\t\t\t<a class=\"fusion-rollover-link\" href=\"https:\/\/sick-stiftung.org\/rws\/portfolio-items\/freiburger-turnerschaft-von-1844-e-v-projekt-medien-gestuetztes-rollkunstlauf-training\/?portfolioCats=10\">Freiburger Turnerschaft von 1844 e.V. &#8211; Projekt Medien-gest\u00fctztes Rollkunstlauf-Training<\/a>\n\t\t\t\n\t\t\t\t\t\t\t\t\t\t\t\t\t\t\n\t\t\t\t\t\t\t\t\n\t\t\t\t\t\t\t\t\t\t\t\t\t<div class=\"fusion-rollover-sep\"><\/div>\n\t\t\t\t\n\t\t\t\t\t\t\t\t\t\t\t\t\t\t\t\t\t\t<a class=\"fusion-rollover-gallery\" href=\"https:\/\/sick-stiftung.org\/rws\/wp-content\/uploads\/2019\/02\/sick-stiftung-rws-freiburger-thurnerschaft-1-vorschau.jpg\" data-id=\"1385\" data-rel=\"iLightbox[gallery-rw-4]\" data-title=\"sick-stiftung-rws-freiburger-thurnerschaft-1-vorschau\" data-caption=\"\">\n\t\t\t\t\t\tGallerie\t\t\t\t\t<\/a>\n\t\t\t\t\t\t\t\t\t\t\t\t\t\t\n\t\t\t\t\n\t\t\t\t\t\t\t\t\t\t\t\t<h4 class=\"fusion-rollover-title\">\n\t\t\t\t\t<a class=\"fusion-rollover-title-link\" href=\"https:\/\/sick-stiftung.org\/rws\/portfolio-items\/freiburger-turnerschaft-von-1844-e-v-projekt-medien-gestuetztes-rollkunstlauf-training\/?portfolioCats=10\">\n\t\t\t\t\t\tFreiburger Turnerschaft von 1844 e.V. &#8211; Projekt Medien-gest\u00fctztes Rollkunstlauf-Training\t\t\t\t\t<\/a>\n\t\t\t\t<\/h4>\n\t\t\t\n\t\t\t\t\t\t\t\t\t\t\t\t\t\t<div class=\"fusion-rollover-categories\"><a href=\"https:\/\/sick-stiftung.org\/rws\/portfolio_category\/sport\/\" rel=\"tag\">Sport Allgemein und Sport f\u00fcr Menschen mit Behinderung<\/a><\/div>\t\t\t\t\t\n\t\t\n\t\t\t\t<a class=\"fusion-link-wrapper\" href=\"https:\/\/sick-stiftung.org\/rws\/portfolio-items\/freiburger-turnerschaft-von-1844-e-v-projekt-medien-gestuetztes-rollkunstlauf-training\/?portfolioCats=10\" aria-label=\"Freiburger Turnerschaft von 1844 e.V. &#8211; Projekt Medien-gest\u00fctztes Rollkunstlauf-Training\"><\/a>\n\t<\/div>\n<\/div>\n\n\t\n<\/div>\n<\/div><\/article><article id=\"portfolio-4-post-1300\" class=\"fusion-portfolio-post sport fusion-col-spacing post-1300\"><div class=\"fusion-portfolio-content-wrapper\" style=\"border:none;\"><span class=\"entry-title rich-snippet-hidden\">Christoph Frank \u2013 Begabtenf\u00f6rderung im Skisport Telemarken<\/span><span class=\"vcard rich-snippet-hidden\"><span class=\"fn\"><a href=\"https:\/\/sick-stiftung.org\/rws\/author\/jh\/\" title=\"Beitr\u00e4ge von jh\" rel=\"author\">jh<\/a><\/span><\/span><span class=\"updated rich-snippet-hidden\">2019-02-19T14:39:08+01:00<\/span>\n\n<div  class=\"fusion-image-wrapper fusion-image-size-fixed\" aria-haspopup=\"true\">\n\t\n\t\n\t\n\t\t\n\t\t\t\t\t<img width=\"300\" height=\"214\" src=\"https:\/\/sick-stiftung.org\/rws\/wp-content\/uploads\/2018\/01\/telemark_1-300x214.jpg\" class=\"attachment-portfolio-three size-portfolio-three wp-post-image\" alt=\"\" \/>\n\t\n\n\t\t<div class=\"fusion-rollover\">\n\t<div class=\"fusion-rollover-content\">\n\n\t\t\t\t\t\t\t\t\t\t\t\t\t\t<a class=\"fusion-rollover-link\" href=\"https:\/\/sick-stiftung.org\/rws\/portfolio-items\/christoph-frank-begabtenfoerderung-im-skisport-telemarken\/?portfolioCats=10\">Christoph Frank \u2013 Begabtenf\u00f6rderung im Skisport Telemarken<\/a>\n\t\t\t\n\t\t\t\t\t\t\t\t\t\t\t\t\t\t\n\t\t\t\t\t\t\t\t\n\t\t\t\t\t\t\t\t\t\t\t\t\t<div class=\"fusion-rollover-sep\"><\/div>\n\t\t\t\t\n\t\t\t\t\t\t\t\t\t\t\t\t\t\t\t\t\t\t<a class=\"fusion-rollover-gallery\" href=\"https:\/\/sick-stiftung.org\/rws\/wp-content\/uploads\/2018\/01\/telemark_1.jpg\" data-id=\"1300\" data-rel=\"iLightbox[gallery-rw-4]\" data-title=\"telemark_1\" data-caption=\"\">\n\t\t\t\t\t\tGallerie\t\t\t\t\t<\/a>\n\t\t\t\t\t\t\t\t\t\t\t\t\t\t\n\t\t\t\t\n\t\t\t\t\t\t\t\t\t\t\t\t<h4 class=\"fusion-rollover-title\">\n\t\t\t\t\t<a class=\"fusion-rollover-title-link\" href=\"https:\/\/sick-stiftung.org\/rws\/portfolio-items\/christoph-frank-begabtenfoerderung-im-skisport-telemarken\/?portfolioCats=10\">\n\t\t\t\t\t\tChristoph Frank \u2013 Begabtenf\u00f6rderung im Skisport Telemarken\t\t\t\t\t<\/a>\n\t\t\t\t<\/h4>\n\t\t\t\n\t\t\t\t\t\t\t\t\t\t\t\t\t\t<div class=\"fusion-rollover-categories\"><a href=\"https:\/\/sick-stiftung.org\/rws\/portfolio_category\/sport\/\" rel=\"tag\">Sport Allgemein und Sport f\u00fcr Menschen mit Behinderung<\/a><\/div>\t\t\t\t\t\n\t\t\n\t\t\t\t<a class=\"fusion-link-wrapper\" href=\"https:\/\/sick-stiftung.org\/rws\/portfolio-items\/christoph-frank-begabtenfoerderung-im-skisport-telemarken\/?portfolioCats=10\" aria-label=\"Christoph Frank \u2013 Begabtenf\u00f6rderung im Skisport Telemarken\"><\/a>\n\t<\/div>\n<\/div>\n\n\t\n<\/div>\n<\/div><\/article><article id=\"portfolio-4-post-848\" class=\"fusion-portfolio-post sport fusion-col-spacing post-848\"><div class=\"fusion-portfolio-content-wrapper\" style=\"border:none;\"><span class=\"entry-title rich-snippet-hidden\">SVS Skiverband Schwarzwald<\/span><span class=\"vcard rich-snippet-hidden\"><span class=\"fn\"><a href=\"https:\/\/sick-stiftung.org\/rws\/author\/jh\/\" title=\"Beitr\u00e4ge von jh\" rel=\"author\">jh<\/a><\/span><\/span><span class=\"updated rich-snippet-hidden\">2017-10-19T12:08:29+02:00<\/span>\n\n<div  class=\"fusion-image-wrapper fusion-image-size-fixed\" aria-haspopup=\"true\">\n\t\n\t\n\t\n\t\t\n\t\t\t\t\t<img width=\"300\" height=\"214\" src=\"https:\/\/sick-stiftung.org\/rws\/wp-content\/uploads\/2017\/08\/SVS-web-1-300x214.png\" class=\"attachment-portfolio-three size-portfolio-three wp-post-image\" alt=\"\" \/>\n\t\n\n\t\t<div class=\"fusion-rollover\">\n\t<div class=\"fusion-rollover-content\">\n\n\t\t\t\t\t\t\t\t\t\t\t\t\t\t<a class=\"fusion-rollover-link\" href=\"https:\/\/sick-stiftung.org\/rws\/portfolio-items\/svs-skiverband-schwarzwald\/?portfolioCats=10\">SVS Skiverband Schwarzwald<\/a>\n\t\t\t\n\t\t\t\t\t\t\t\t\t\t\t\t\t\t\n\t\t\t\t\t\t\t\t\n\t\t\t\t\t\t\t\t\t\t\t\t\t<div class=\"fusion-rollover-sep\"><\/div>\n\t\t\t\t\n\t\t\t\t\t\t\t\t\t\t\t\t\t\t\t\t\t\t<a class=\"fusion-rollover-gallery\" href=\"https:\/\/sick-stiftung.org\/rws\/wp-content\/uploads\/2017\/08\/SVS-web-1.png\" data-id=\"848\" data-rel=\"iLightbox[gallery-rw-4]\" data-title=\"SVS-web-1\" data-caption=\"\">\n\t\t\t\t\t\tGallerie\t\t\t\t\t<\/a>\n\t\t\t\t\t\t\t\t\t\t\t\t\t\t\n\t\t\t\t\n\t\t\t\t\t\t\t\t\t\t\t\t<h4 class=\"fusion-rollover-title\">\n\t\t\t\t\t<a class=\"fusion-rollover-title-link\" href=\"https:\/\/sick-stiftung.org\/rws\/portfolio-items\/svs-skiverband-schwarzwald\/?portfolioCats=10\">\n\t\t\t\t\t\tSVS Skiverband Schwarzwald\t\t\t\t\t<\/a>\n\t\t\t\t<\/h4>\n\t\t\t\n\t\t\t\t\t\t\t\t\t\t\t\t\t\t<div class=\"fusion-rollover-categories\"><a href=\"https:\/\/sick-stiftung.org\/rws\/portfolio_category\/sport\/\" rel=\"tag\">Sport Allgemein und Sport f\u00fcr Menschen mit Behinderung<\/a><\/div>\t\t\t\t\t\n\t\t\n\t\t\t\t<a class=\"fusion-link-wrapper\" href=\"https:\/\/sick-stiftung.org\/rws\/portfolio-items\/svs-skiverband-schwarzwald\/?portfolioCats=10\" aria-label=\"SVS Skiverband Schwarzwald\"><\/a>\n\t<\/div>\n<\/div>\n\n\t\n<\/div>\n<\/div><\/article><\/div><\/div><div class=\"fusion-clearfix\"><\/div><\/div><\/div><\/div><\/div><\/div><\/p>\n","protected":false},"excerpt":{"rendered":"","protected":false},"author":1,"featured_media":0,"parent":0,"menu_order":0,"comment_status":"closed","ping_status":"closed","template":"100-width.php","meta":[],"_links":{"self":[{"href":"https:\/\/sick-stiftung.org\/rws\/wp-json\/wp\/v2\/pages\/175"}],"collection":[{"href":"https:\/\/sick-stiftung.org\/rws\/wp-json\/wp\/v2\/pages"}],"about":[{"href":"https:\/\/sick-stiftung.org\/rws\/wp-json\/wp\/v2\/types\/page"}],"author":[{"embeddable":true,"href":"https:\/\/sick-stiftung.org\/rws\/wp-json\/wp\/v2\/users\/1"}],"replies":[{"embeddable":true,"href":"https:\/\/sick-stiftung.org\/rws\/wp-json\/wp\/v2\/comments?post=175"}],"version-history":[{"count":50,"href":"https:\/\/sick-stiftung.org\/rws\/wp-json\/wp\/v2\/pages\/175\/revisions"}],"predecessor-version":[{"id":1640,"href":"https:\/\/sick-stiftung.org\/rws\/wp-json\/wp\/v2\/pages\/175\/revisions\/1640"}],"wp:attachment":[{"href":"https:\/\/sick-stiftung.org\/rws\/wp-json\/wp\/v2\/media?parent=175"}],"curies":[{"name":"wp","href":"https:\/\/api.w.org\/{rel}","templated":true}]}}